{"version":"1.0","provider_name":"GAD parroquial Pastocalle","provider_url":"https:\/\/pastocalle.gob.ec\/cotopaxi","title":"- GAD parroquial Pastocalle","type":"rich","width":600,"height":338,"html":"<blockquote class=\"wp-embedded-content\" data-secret=\"KlSA15aaZz\"><a href=\"https:\/\/pastocalle.gob.ec\/cotopaxi\/5061-2\/\"><\/a><\/blockquote><iframe sandbox=\"allow-scripts\" security=\"restricted\" src=\"https:\/\/pastocalle.gob.ec\/cotopaxi\/5061-2\/embed\/#?secret=KlSA15aaZz\" width=\"600\" height=\"338\" title=\"\u00ab\u00bb \u2014 GAD parroquial Pastocalle\" data-secret=\"KlSA15aaZz\" frameborder=\"0\" marginwidth=\"0\" marginheight=\"0\" scrolling=\"no\" class=\"wp-embedded-content\"><\/iframe><script type=\"text\/javascript\">\n\/* <![CDATA[ *\/\n\/*! This file is auto-generated *\/\n!function(d,l){\"use strict\";l.querySelector&&d.addEventListener&&\"undefined\"!=typeof URL&&(d.wp=d.wp||{},d.wp.receiveEmbedMessage||(d.wp.receiveEmbedMessage=function(e){var t=e.data;if((t||t.secret||t.message||t.value)&&!\/[^a-zA-Z0-9]\/.test(t.secret)){for(var s,r,n,a=l.querySelectorAll('iframe[data-secret=\"'+t.secret+'\"]'),o=l.querySelectorAll('blockquote[data-secret=\"'+t.secret+'\"]'),c=new RegExp(\"^https?:$\",\"i\"),i=0;i<o.length;i++)o[i].style.display=\"none\";for(i=0;i<a.length;i++)s=a[i],e.source===s.contentWindow&&(s.removeAttribute(\"style\"),\"height\"===t.message?(1e3<(r=parseInt(t.value,10))?r=1e3:~~r<200&&(r=200),s.height=r):\"link\"===t.message&&(r=new URL(s.getAttribute(\"src\")),n=new URL(t.value),c.test(n.protocol))&&n.host===r.host&&l.activeElement===s&&(d.top.location.href=t.value))}},d.addEventListener(\"message\",d.wp.receiveEmbedMessage,!1),l.addEventListener(\"DOMContentLoaded\",function(){for(var e,t,s=l.querySelectorAll(\"iframe.wp-embedded-content\"),r=0;r<s.length;r++)(t=(e=s[r]).getAttribute(\"data-secret\"))||(t=Math.random().toString(36).substring(2,12),e.src+=\"#?secret=\"+t,e.setAttribute(\"data-secret\",t)),e.contentWindow.postMessage({message:\"ready\",secret:t},\"*\")},!1)))}(window,document);\n\/\/# sourceURL=https:\/\/pastocalle.gob.ec\/cotopaxi\/wp-includes\/js\/wp-embed.min.js\n\/* ]]> *\/\n<\/script>\n","thumbnail_url":"https:\/\/pastocalle.gob.ec\/cotopaxi\/wp-content\/uploads\/2025\/07\/512843833_754953817093057_5753824879518590154_n.jpg","thumbnail_width":1280,"thumbnail_height":960,"description":"\ud835\udc7a\ud835\udc86\ud835\udc94\ud835\udc8a\ud835\udc90\u0301\ud835\udc8f \ud835\udc94\ud835\udc90\ud835\udc8d\ud835\udc86\ud835\udc8e\ud835\udc8f\ud835\udc86 \ud835\udc91\ud835\udc90\ud835\udc93 \ud835\udc8d\ud835\udc90\ud835\udc94 141 \ud835\udc82\ud835\udc8f\u0303\ud835\udc90\ud835\udc94 \ud835\udc85\ud835\udc86 \ud835\udc91\ud835\udc82\ud835\udc93\ud835\udc93\ud835\udc90\ud835\udc92\ud835\udc96\ud835\udc8a\ud835\udc82\ud835\udc8d\ud835\udc8a\ud835\udc9b\ud835\udc82\ud835\udc84\ud835\udc8a\ud835\udc90\u0301\ud835\udc8f Con gran entusiasmo, conmemoramos los 141 a\u00f1os de parroquializaci\u00f3n con un significativo evento como es la sesi\u00f3n solemne conmemorativa donde contamos con la presencia de autoridades de instituciones p\u00fablicas, privadas, organizaciones y la querida ciudadan\u00eda. Fue una jornada llena de alegr\u00eda y uni\u00f3n que reafirman nuestra identidad [&hellip;]"}